{"id":4624,"date":"2021-07-19T22:12:00","date_gmt":"2021-07-20T01:12:00","guid":{"rendered":"https:\/\/selfdigital.com.br\/?page_id=4624"},"modified":"2022-05-04T17:46:39","modified_gmt":"2022-05-04T20:46:39","slug":"termos-de-uso","status":"publish","type":"page","link":"https:\/\/selfdigital.com.br\/fr\/termos-de-uso","title":{"rendered":"Conditions d&#039;utilisation"},"content":{"rendered":"<html><body><p><strong>\u00c0 propos du contenu du blog<\/strong><br>Le contenu publi\u00e9 ici est prot\u00e9g\u00e9 par\u00a0<em><a href=\"http:\/\/www.planalto.gov.br\/ccivil_03\/leis\/L9610.htm\" target=\"_blank\" rel=\"noreferrer noopener\">Loi sur le droit d&#039;auteur<\/a><\/em>. Lorsque j&#039;utilise du mat\u00e9riel tiers, celui-ci est d\u00fbment cr\u00e9dit\u00e9, avec<em>\u00a0lien<\/em>\u00a0\u00e0 la page source, le cas \u00e9ch\u00e9ant. Chaque message demande du temps, de la recherche et du d\u00e9vouement, donc si vous l&#039;avez aim\u00e9, indiquez le\u00a0<em>lien<\/em>\u00a0sans en copier l\u2019int\u00e9gralit\u00e9, car cela constitue un plagiat. La publicit\u00e9 sera toujours signal\u00e9e.<\/p>\n\n\n\n<p><strong>\u00c0 propos des images<\/strong><br>Les images (photographies et illustrations) sont \u00e9galement prot\u00e9g\u00e9es par\u00a0<em><a href=\"http:\/\/www.planalto.gov.br\/ccivil_03\/leis\/L9610.htm\" target=\"_blank\" rel=\"noreferrer noopener\">Loi sur le droit d&#039;auteur<\/a><\/em>, qui peut \u00eatre personnel ou pay\u00e9 par un client. Ce blog n&#039;est pas configur\u00e9 comme banque d&#039;images\u00a0<em>gratuit<\/em>, donc si vous souhaitez utiliser l&#039;une de mes illustrations, vous devrez demander l&#039;autorisation, m\u00eame si c&#039;est pour faire un\u00a0<em>poste<\/em>\u00a0publicit\u00e9 sur votre blog\/site Web.<br>L&#039;adaptation et la cr\u00e9ation d&#039;\u0153uvres d\u00e9riv\u00e9es sans autorisation pr\u00e9alable sont \u00e9galement interdites.<\/p>\n\n\n\n<p><strong>\u00c0 propos des commentaires<\/strong><br>Ici, sur le blog, nous valorisons le respect avant tout.<br>Les commentaires sont mod\u00e9r\u00e9s afin que nous puissions r\u00e9pondre \u00e0 chacun avec la m\u00eame attention.<br>Les messages offensants et pr\u00e9jug\u00e9s ne seront pas publi\u00e9s.<br>Si vous souhaitez formuler une critique, elle sera la bienvenue, \u00e0 condition qu\u2019elle soit faite poliment.<\/p>\n\n\n\n<p><strong>IMPORTANT:<\/strong><br>Certaines images et articles du blog sont des reproductions provenant d&#039;Internet.<br>Si vous avez trouv\u00e9 votre propre image ou article, veuillez nous contacter afin que les cr\u00e9dits appropri\u00e9s puissent \u00eatre ajout\u00e9s ou supprim\u00e9s rapidement.<\/p>\n<\/body><\/html>","protected":false},"excerpt":{"rendered":"<p>Sobre o conte\u00fado do blogO conte\u00fado publicado aqui, encontra-se protegido pela\u00a0Lei de Direitos Autorais. Quando utilizo material de terceiros, este \u00e9 devidamente creditado, com\u00a0link\u00a0para a p\u00e1gina de origem, se houver. Cada post demanda tempo, pesquisa e dedica\u00e7\u00e3o para ser feito, ent\u00e3o se voc\u00ea gostou, indique o\u00a0link\u00a0sem copiar o conte\u00fado na \u00edntegra, pois isto configura pl\u00e1gio. [&hellip;]<\/p>","protected":false},"author":1,"featured_media":0,"parent":0,"menu_order":0,"comment_status":"closed","ping_status":"closed","template":"","meta":{"footnotes":""},"class_list":["post-4624","page","type-page","status-publish","hentry"],"yoast_head":"<!-- This site is optimized with the Yoast SEO plugin v26.8 - https:\/\/yoast.com\/product\/yoast-seo-wordpress\/ -->\n<title>Termos de Uso - Self Digital<\/title>\n<meta name=\"robots\" content=\"index, follow, max-snippet:-1, max-image-preview:large, max-video-preview:-1\" \/>\n<link rel=\"canonical\" href=\"https:\/\/selfdigital.com.br\/fr\/termos-de-uso\/\" \/>\n<meta property=\"og:locale\" content=\"fr_FR\" \/>\n<meta property=\"og:type\" content=\"article\" \/>\n<meta property=\"og:title\" content=\"Termos de Uso - Self Digital\" \/>\n<meta property=\"og:description\" content=\"Sobre o conte\u00fado do blogO conte\u00fado publicado aqui, encontra-se protegido pela\u00a0Lei de Direitos Autorais. Quando utilizo material de terceiros, este \u00e9 devidamente creditado, com\u00a0link\u00a0para a p\u00e1gina de origem, se houver. Cada post demanda tempo, pesquisa e dedica\u00e7\u00e3o para ser feito, ent\u00e3o se voc\u00ea gostou, indique o\u00a0link\u00a0sem copiar o conte\u00fado na \u00edntegra, pois isto configura pl\u00e1gio. [&hellip;]\" \/>\n<meta property=\"og:url\" content=\"https:\/\/selfdigital.com.br\/fr\/termos-de-uso\/\" \/>\n<meta property=\"og:site_name\" content=\"Self Digital\" \/>\n<meta property=\"article:modified_time\" content=\"2022-05-04T20:46:39+00:00\" \/>\n<meta name=\"twitter:card\" content=\"summary_large_image\" \/>\n<meta name=\"twitter:label1\" content=\"Est. reading time\" \/>\n\t<meta name=\"twitter:data1\" content=\"2 minutes\" \/>\n<script type=\"application\/ld+json\" class=\"yoast-schema-graph\">{\"@context\":\"https:\/\/schema.org\",\"@graph\":[{\"@type\":\"WebPage\",\"@id\":\"https:\/\/selfdigital.com.br\/termos-de-uso\",\"url\":\"https:\/\/selfdigital.com.br\/termos-de-uso\",\"name\":\"Termos de Uso - Self Digital\",\"isPartOf\":{\"@id\":\"https:\/\/selfdigital.com.br\/#website\"},\"datePublished\":\"2021-07-20T01:12:00+00:00\",\"dateModified\":\"2022-05-04T20:46:39+00:00\",\"breadcrumb\":{\"@id\":\"https:\/\/selfdigital.com.br\/termos-de-uso#breadcrumb\"},\"inLanguage\":\"fr-FR\",\"potentialAction\":[{\"@type\":\"ReadAction\",\"target\":[\"https:\/\/selfdigital.com.br\/termos-de-uso\"]}]},{\"@type\":\"BreadcrumbList\",\"@id\":\"https:\/\/selfdigital.com.br\/termos-de-uso#breadcrumb\",\"itemListElement\":[{\"@type\":\"ListItem\",\"position\":1,\"name\":\"In\u00edcio\",\"item\":\"https:\/\/selfdigital.com.br\/\"},{\"@type\":\"ListItem\",\"position\":2,\"name\":\"Termos de Uso\"}]},{\"@type\":\"WebSite\",\"@id\":\"https:\/\/selfdigital.com.br\/#website\",\"url\":\"https:\/\/selfdigital.com.br\/\",\"name\":\"Self Digital\",\"description\":\"Um Portal Com Dicas de Finan\u00e7as, Aplicativos e Esporte Para Voc\u00ea\",\"publisher\":{\"@id\":\"https:\/\/selfdigital.com.br\/#organization\"},\"potentialAction\":[{\"@type\":\"SearchAction\",\"target\":{\"@type\":\"EntryPoint\",\"urlTemplate\":\"https:\/\/selfdigital.com.br\/?s={search_term_string}\"},\"query-input\":{\"@type\":\"PropertyValueSpecification\",\"valueRequired\":true,\"valueName\":\"search_term_string\"}}],\"inLanguage\":\"fr-FR\"},{\"@type\":\"Organization\",\"@id\":\"https:\/\/selfdigital.com.br\/#organization\",\"name\":\"Self Digital\",\"url\":\"https:\/\/selfdigital.com.br\/\",\"logo\":{\"@type\":\"ImageObject\",\"inLanguage\":\"fr-FR\",\"@id\":\"https:\/\/selfdigital.com.br\/#\/schema\/logo\/image\/\",\"url\":\"https:\/\/selfdigital.com.br\/wp-content\/uploads\/2022\/04\/cropped-logo-Final.gif\",\"contentUrl\":\"https:\/\/selfdigital.com.br\/wp-content\/uploads\/2022\/04\/cropped-logo-Final.gif\",\"width\":300,\"height\":90,\"caption\":\"Self Digital\"},\"image\":{\"@id\":\"https:\/\/selfdigital.com.br\/#\/schema\/logo\/image\/\"}}]}<\/script>\n<!-- \/ Yoast SEO plugin. -->","yoast_head_json":{"title":"Termos de Uso - Self Digital","robots":{"index":"index","follow":"follow","max-snippet":"max-snippet:-1","max-image-preview":"max-image-preview:large","max-video-preview":"max-video-preview:-1"},"canonical":"https:\/\/selfdigital.com.br\/fr\/termos-de-uso\/","og_locale":"fr_FR","og_type":"article","og_title":"Termos de Uso - Self Digital","og_description":"Sobre o conte\u00fado do blogO conte\u00fado publicado aqui, encontra-se protegido pela\u00a0Lei de Direitos Autorais. Quando utilizo material de terceiros, este \u00e9 devidamente creditado, com\u00a0link\u00a0para a p\u00e1gina de origem, se houver. Cada post demanda tempo, pesquisa e dedica\u00e7\u00e3o para ser feito, ent\u00e3o se voc\u00ea gostou, indique o\u00a0link\u00a0sem copiar o conte\u00fado na \u00edntegra, pois isto configura pl\u00e1gio. [&hellip;]","og_url":"https:\/\/selfdigital.com.br\/fr\/termos-de-uso\/","og_site_name":"Self Digital","article_modified_time":"2022-05-04T20:46:39+00:00","twitter_card":"summary_large_image","twitter_misc":{"Est. reading time":"2 minutes"},"schema":{"@context":"https:\/\/schema.org","@graph":[{"@type":"WebPage","@id":"https:\/\/selfdigital.com.br\/termos-de-uso","url":"https:\/\/selfdigital.com.br\/termos-de-uso","name":"Termos de Uso - Self Digital","isPartOf":{"@id":"https:\/\/selfdigital.com.br\/#website"},"datePublished":"2021-07-20T01:12:00+00:00","dateModified":"2022-05-04T20:46:39+00:00","breadcrumb":{"@id":"https:\/\/selfdigital.com.br\/termos-de-uso#breadcrumb"},"inLanguage":"fr-FR","potentialAction":[{"@type":"ReadAction","target":["https:\/\/selfdigital.com.br\/termos-de-uso"]}]},{"@type":"BreadcrumbList","@id":"https:\/\/selfdigital.com.br\/termos-de-uso#breadcrumb","itemListElement":[{"@type":"ListItem","position":1,"name":"In\u00edcio","item":"https:\/\/selfdigital.com.br\/"},{"@type":"ListItem","position":2,"name":"Termos de Uso"}]},{"@type":"WebSite","@id":"https:\/\/selfdigital.com.br\/#website","url":"https:\/\/selfdigital.com.br\/","name":"Soi num\u00e9rique","description":"Un portail avec des finances, des applications et des conseils sportifs pour vous","publisher":{"@id":"https:\/\/selfdigital.com.br\/#organization"},"potentialAction":[{"@type":"SearchAction","target":{"@type":"EntryPoint","urlTemplate":"https:\/\/selfdigital.com.br\/?s={search_term_string}"},"query-input":{"@type":"PropertyValueSpecification","valueRequired":true,"valueName":"search_term_string"}}],"inLanguage":"fr-FR"},{"@type":"Organization","@id":"https:\/\/selfdigital.com.br\/#organization","name":"Soi num\u00e9rique","url":"https:\/\/selfdigital.com.br\/","logo":{"@type":"ImageObject","inLanguage":"fr-FR","@id":"https:\/\/selfdigital.com.br\/#\/schema\/logo\/image\/","url":"https:\/\/selfdigital.com.br\/wp-content\/uploads\/2022\/04\/cropped-logo-Final.gif","contentUrl":"https:\/\/selfdigital.com.br\/wp-content\/uploads\/2022\/04\/cropped-logo-Final.gif","width":300,"height":90,"caption":"Self Digital"},"image":{"@id":"https:\/\/selfdigital.com.br\/#\/schema\/logo\/image\/"}}]}},"_links":{"self":[{"href":"https:\/\/selfdigital.com.br\/fr\/wp-json\/wp\/v2\/pages\/4624","targetHints":{"allow":["GET"]}}],"collection":[{"href":"https:\/\/selfdigital.com.br\/fr\/wp-json\/wp\/v2\/pages"}],"about":[{"href":"https:\/\/selfdigital.com.br\/fr\/wp-json\/wp\/v2\/types\/page"}],"author":[{"embeddable":true,"href":"https:\/\/selfdigital.com.br\/fr\/wp-json\/wp\/v2\/users\/1"}],"replies":[{"embeddable":true,"href":"https:\/\/selfdigital.com.br\/fr\/wp-json\/wp\/v2\/comments?post=4624"}],"version-history":[{"count":1,"href":"https:\/\/selfdigital.com.br\/fr\/wp-json\/wp\/v2\/pages\/4624\/revisions"}],"predecessor-version":[{"id":5300,"href":"https:\/\/selfdigital.com.br\/fr\/wp-json\/wp\/v2\/pages\/4624\/revisions\/5300"}],"wp:attachment":[{"href":"https:\/\/selfdigital.com.br\/fr\/wp-json\/wp\/v2\/media?parent=4624"}],"curies":[{"name":"wp","href":"https:\/\/api.w.org\/{rel}","templated":true}]}}